{"id":311,"date":"2015-11-13T10:25:48","date_gmt":"2015-11-13T10:25:48","guid":{"rendered":"http:\/\/transcrim.pravo.unizg.hr\/?page_id=311"},"modified":"2017-01-06T17:49:17","modified_gmt":"2017-01-06T17:49:17","slug":"international-spring-course","status":"publish","type":"page","link":"https:\/\/transcrim.pravo.unizg.hr\/index.php\/international-spring-course\/","title":{"rendered":"8<sup>th<\/sup> International Spring Course"},"content":{"rendered":"<p style=\"text-align: center;\"><span style=\"font-size: 14pt;\">COURSE &#8220;CRIME PREVENTION THROUGH CRIMINAL LAW &amp; SECURITY STUDIES&#8221; &amp; ADRIATIC MOOT COURT COMPETITION<\/span><\/p>\n<p><img loading=\"lazy\" decoding=\"async\" class=\"wp-image-818 size-large\" src=\"https:\/\/transcrim.pravo.unizg.hr\/wp-content\/uploads\/2015\/11\/GROUP-PHOTO-1024x619.jpg\" alt=\"OLYMPUS DIGITAL CAMERA\" width=\"840\" height=\"508\" srcset=\"https:\/\/transcrim.pravo.unizg.hr\/wp-content\/uploads\/2015\/11\/GROUP-PHOTO-1024x619.jpg 1024w, https:\/\/transcrim.pravo.unizg.hr\/wp-content\/uploads\/2015\/11\/GROUP-PHOTO-300x181.jpg 300w, https:\/\/transcrim.pravo.unizg.hr\/wp-content\/uploads\/2015\/11\/GROUP-PHOTO-768x464.jpg 768w, https:\/\/transcrim.pravo.unizg.hr\/wp-content\/uploads\/2015\/11\/GROUP-PHOTO-710x429.jpg 710w, https:\/\/transcrim.pravo.unizg.hr\/wp-content\/uploads\/2015\/11\/GROUP-PHOTO-1040x629.jpg 1040w\" sizes=\"auto, (max-width: 840px) 100vw, 840px\" \/><\/p>\n<p style=\"text-align: center;\"><strong><span style=\"font-size: 14pt;\">Eighth edition<\/span><\/strong><\/p>\n<p style=\"text-align: center;\"><span style=\"font-size: 14pt;\">titled<\/span><\/p>\n<p style=\"text-align: center;\"><span style=\"font-size: 14pt;\"><strong>&#8220;Technology and Criminal Law &#8211; Manifestations and Implications&#8221;<br \/>\n<\/strong><\/span><strong><span style=\"font-size: 14pt;\">&amp;<\/span><br \/>\n<\/strong><span style=\"font-size: 14pt;\"><strong><em>2nd Adriatic Moot Court Competition<\/em><\/strong><br \/>\n<\/span><span style=\"font-size: 14pt;\"><strong><em>was\u00a0held in the Inter-University Centre in Dubrovnik (Croatia),<br \/>\n20-25 March 2016<\/em><\/strong><\/span><\/p>\n<p>Od 20. do 25. o\u017eujka 2016. <strong>na Interuniverzitetskom centru (IUC) u Dubrovniku u organizaciji Pravnog fakulteta Sveu\u010dili\u0161ta u Zagrebu<\/strong> <strong>i<\/strong> <strong>u sklopu Projekta Multidisciplinary Research Cluster on Crime in Transition \u2013 Trafficking in Human Beings, Corruption and Economic<\/strong> <strong>Crime<\/strong> odr\u017eao se 8. po redu <strong>me\u0111unarodni proljetni te\u010daj \u201eSprje\u010davanje kriminala putem kaznenog prava i sigurnosnih studija.\u201c<\/strong><\/p>\n<p>Ovogodi\u0161nji te\u010daj se bavio pitanjima tehnologije i kaznenog prava. 40 polaznika te\u010daja su tijekom tjedna s renomiranim stru\u010dnjacima iz zemlje i inozemstva raspravljali o pitanjima poput kiberneti\u010dkog kriminala, elektroni\u010dkog nadzora, sigurnosti i privatnosti interneta te elektroni\u010dkih komunikacija, nevidljivih mre\u017ea (eng. darknet), slobode govora na Internetu, elektroni\u010dkih dokaza, upotrebe bespilotnih letjelica (eng. <em>drones<\/em>) i sl.<\/p>\n<p>U okviru te\u010daja odr\u017eana je\u00a0 i filmska ve\u010der na kojoj premijerno prikazan dokumentarni film <em>Dubrovnik and Crimes against Cultural Heritage<\/em> (<a href=\"http:\/\/www.icty.org\/en\/outreach\/activities\/documentary-on-crimes-against-cultural-heritage-screened-in-dubrovnik\">http:\/\/www.icty.org\/en\/outreach\/activities\/documentary-on-crimes-against-cultural-heritage-screened-in-dubrovnik<\/a>)<\/p>\n<p>Direktorima te\u010daja, <strong>prof.dr.sc. Davoru Deren\u010dinovi\u0107u<\/strong> s Pravnog fakulteta u Zagrebu, <strong>prof.dr.sc. Richardu Farkasu<\/strong> s DePaul Sveu\u010dili\u0161ta u Chicagu (SAD) i <strong>dr.sc. Michaelu Kilchlingu<\/strong> s Max Planck instituta za inozemno i me\u0111unarodno kazneno pravo u Freiburgu (Njema\u010dka),\u00a0 posebno je zadovoljstvo \u0161to je u radu te\u010daja sudjelovao i <strong>prof. dr. sc. Pero Maldini<\/strong> sa Sveu\u010dili\u0161ta u Dubrovniku te istaknute li\u010dnosti s podru\u010dja kaznenog prava i kriminologije, izme\u0111u ostalih, prof.dr.sc.<strong> Hans-J\u00f6rg Albrecht<\/strong>, direktor Max Planck Instituta za strano i me\u0111unarodno kazneno pravo u Freiburgu (Njema\u010dka), <strong>prof. dr. sc. Hannes Tretter<\/strong> sa Sveu\u010dili\u0161ta u Be\u010du (Austrija) te dr.sc.<strong> Gleb Bogush<\/strong> sa Sveu\u010dili\u0161ta Lomonosov iz Moskve (Rusija) i dr.<\/p>\n<p>U okviru te\u010daja se odr\u017ealo i <strong><em>Drugo jadransko moot court natjecanje<\/em><\/strong> na kojem se su\u010deljavalo 32 studenata iz cijelog svijeta (Rusije, Makedonije, Kazahstana, \u0160panjolske, Slovenije i dr.). Natjecanje se odr\u017ealo u obliku debate izme\u0111u <em>moot court<\/em> timova, a sastoji se u rje\u0161avanju zami\u0161ljenog konfliktnog slu\u010daja koji je pripremio istaknuti ameri\u010dki odvjetnik <strong>Steven W. Becker<\/strong>, zamjenik tajnika Me\u0111unarodnog udru\u017eenja za kazneno pravo. Sve\u010dano finale natjecanja odr\u017ealo se u petak 25. o\u017eujka u Inter-univerzitetskom centru.<\/p>\n<br \/>\n","protected":false},"excerpt":{"rendered":"<p>COURSE &#8220;CRIME PREVENTION THROUGH CRIMINAL LAW &amp; SECURITY STUDIES&#8221; &amp; ADRIATIC MOOT COURT COMPETITION Eighth edition titled &#8220;Technology and Criminal Law &#8211; Manifestations and Implications&#8221; &amp; 2nd Adriatic Moot Court Competition was\u00a0held in the Inter-University Centre in Dubrovnik (Croatia), 20-25 March 2016 Od 20. do 25. o\u017eujka 2016. na Interuniverzitetskom centru (IUC) u Dubrovniku u&#8230;<\/p>\n","protected":false},"author":2,"featured_media":0,"parent":0,"menu_order":0,"comment_status":"closed","ping_status":"closed","template":"","meta":{"footnotes":""},"class_list":["post-311","page","type-page","status-publish","hentry"],"_links":{"self":[{"href":"https:\/\/transcrim.pravo.unizg.hr\/index.php\/wp-json\/wp\/v2\/pages\/311","targetHints":{"allow":["GET"]}}],"collection":[{"href":"https:\/\/transcrim.pravo.unizg.hr\/index.php\/wp-json\/wp\/v2\/pages"}],"about":[{"href":"https:\/\/transcrim.pravo.unizg.hr\/index.php\/wp-json\/wp\/v2\/types\/page"}],"author":[{"embeddable":true,"href":"https:\/\/transcrim.pravo.unizg.hr\/index.php\/wp-json\/wp\/v2\/users\/2"}],"replies":[{"embeddable":true,"href":"https:\/\/transcrim.pravo.unizg.hr\/index.php\/wp-json\/wp\/v2\/comments?post=311"}],"version-history":[{"count":0,"href":"https:\/\/transcrim.pravo.unizg.hr\/index.php\/wp-json\/wp\/v2\/pages\/311\/revisions"}],"wp:attachment":[{"href":"https:\/\/transcrim.pravo.unizg.hr\/index.php\/wp-json\/wp\/v2\/media?parent=311"}],"curies":[{"name":"wp","href":"https:\/\/api.w.org\/{rel}","templated":true}]}}